{"id":60,"date":"2024-10-25T11:08:52","date_gmt":"2024-10-25T14:08:52","guid":{"rendered":"https:\/\/homolog.planetaw.ag\/pg\/?page_id=60"},"modified":"2024-10-25T12:26:09","modified_gmt":"2024-10-25T15:26:09","slug":"proposta-curricular","status":"publish","type":"page","link":"https:\/\/pg.oftalmodapaulista.com.br\/mp\/proposta-curricular\/","title":{"rendered":"Proposta Curricular"},"content":{"rendered":"\n<p>O&nbsp;<strong>Mestrado Profissional em Tecnologia, Gest\u00e3o e Sa\u00fade Ocular<\/strong>&nbsp;\u00e9 dirigido a profissionais atuantes em todos os aspectos da Sa\u00fade Ocular que tenham proposta de produ\u00e7\u00e3o de conhecimento estritamente relacionada a atividade profissional que desempenhem no momento da candidatura ao processo seletivo, e que estejam adequadas \u00e0s Linhas de Pesquisa oferecidas pelo curso.<\/p>\n\n\n\n<p>As propostas de trabalho de conclus\u00e3o do curso Mestrado Profissional devem ter como objetivo expl\u00edcito, a gera\u00e7\u00e3o de conhecimento em produtos e\/ou servi\u00e7os de aten\u00e7\u00e3o \u00e0 Sa\u00fade Ocular e Reabilita\u00e7\u00e3o Visual, tanto em seus aspectos diagn\u00f3sticos e terap\u00eauticos, quanto gerenciais.<\/p>\n\n\n\n<p>S\u00e3o estimuladas parcerias com Institui\u00e7\u00f5es P\u00fablicas e Privadas que desenvolvam produtos e\/ou servi\u00e7os em benef\u00edcio da Sa\u00fade Ocular, de Reabilita\u00e7\u00e3o e de melhorias na qualidade de vida dos deficientes visuais. Estas parcerias devem obedecer \u00e0s regras dos Termos de Coopera\u00e7\u00e3o T\u00e9cnica e s\u00e3o firmadas com o Departamento de Oftalmologia da UNIFESP que possui profissionais com compet\u00eancia para analisar as propostas frente a compet\u00eancias t\u00e9cnicas das Institui\u00e7\u00f5es e de seus valores morais e \u00e9ticos.<\/p>\n\n\n\n<p>Os p\u00f3s-graduandos, al\u00e9m de participarem das disciplinas obrigat\u00f3rias, que os qualifiquem como pesquisadores e conhecedores da Epidemiologia Ocular na sua concep\u00e7\u00e3o mais ampla, processos prim\u00e1rios e de apoio \u00e0 Sa\u00fade Ocular em seus aspectos preventivos e de reabilita\u00e7\u00e3o, cursam disciplinas com temas diretamente ligados \u00e0 Linha de Pesquisa em que est\u00e3o inscritos.<\/p>\n\n\n\n<p>Para atender \u00e0 habilita\u00e7\u00e3o em assuntos relacionados \u00e0 proposta de investiga\u00e7\u00e3o do mestrando profissional, o professor orientador pode indicar a participa\u00e7\u00e3o do p\u00f3s-graduando em disciplinas ofertadas em outros cursos de p\u00f3s-gradua\u00e7\u00e3o no ambiente da UNIFESP ou&nbsp;de disciplinas de outras Universidades, que tenham o curso devidamente autorizado pela CAPES.<\/p>\n\n\n\n<p>Professores orientadores s\u00e3o estimulados a criarem disciplinas dentro de sua atua\u00e7\u00e3o acad\u00eamica e\/ou produtiva, para atenderem \u00e0s necessidades percebidas e reconhecidas para a forma\u00e7\u00e3o do mestrando profissional, registr\u00e1-las na Secretaria do Curso e oferec\u00ea-las, tamb\u00e9m, aos demais cursos de p\u00f3s-gradua\u00e7\u00e3o da UNIFESP e a solicita\u00e7\u00f5es externas.<br>Atividades pr\u00e1ticas de habilita\u00e7\u00e3o em processos estritamente relacionados ao projeto de investiga\u00e7\u00e3o proposto podem ser realizadas em Institui\u00e7\u00f5es indicadas pelo professor orientador, ap\u00f3s registro na Secretaria do Curso de P\u00f3s-Gradua\u00e7\u00e3o em Oftalmologia e Ci\u00eancias Visuais, de Termo de Coopera\u00e7\u00e3o T\u00e9cnica entre o Departamento de Oftalmologia da UNIFESP e a Institui\u00e7\u00e3o indicada.<\/p>\n\n\n\n<p>O MP em Tecnologia, Gest\u00e3o e Sa\u00fade Ocular da EPM\/UNIFESP \u00e9 constitu\u00eddo por&nbsp;1 \u00c1rea de Concentra\u00e7\u00e3o e&nbsp;4 Linhas de Pesquisa:<\/p>\n\n\n\n<h3 class=\"wp-block-heading\">1) Pesquisa, gest\u00e3o e tecnologia em sa\u00fade ocular<\/h3>\n\n\n\n<h5 class=\"wp-block-heading\">1.1 Terapia tecidual, biomateriais, f\u00e1rmacos e bioderivados em oftalmologia<\/h5>\n\n\n\n<p>Desenvolvimento de estrat\u00e9gias terap\u00eauticas e substitutos biol\u00f3gicos para restaurar, manter, substituir ou melhorar as fun\u00e7\u00f5es dos tecidos oculares.<\/p>\n\n\n\n<p>Desenvolvimento e valida\u00e7\u00e3o de t\u00e9cnicas, modelos, produtos e processos para preparo, armazenamento e distribui\u00e7\u00e3o de tecidos e c\u00e9lulas para uso no tratamento de doen\u00e7as oculares.<\/p>\n\n\n\n<p>Desenvolvimento de inova\u00e7\u00f5es em f\u00e1rmacos e bioderivados para promo\u00e7\u00e3o da sa\u00fade ocular<\/p>\n\n\n\n<h5 class=\"wp-block-heading\">1.2 Avalia\u00e7\u00e3o do sistema visual, epidemiologia, preven\u00e7\u00e3o e impacto da defici\u00eancia visual<\/h5>\n\n\n\n<p>Desenvolvimento e estudos sobre fun\u00e7\u00f5es e estruturas do sistema visual.<\/p>\n\n\n\n<p>Desenvolvimento e estudos sobre epidemiologia, preven\u00e7\u00e3o e impacto da defici\u00eancia visual.<\/p>\n\n\n\n<p>Desenvolvimento e estudos de estrat\u00e9gias interdisciplinares para habilita\u00e7\u00e3o e reabilita\u00e7\u00e3o visual com foco na manuten\u00e7\u00e3o da capacidade f\u00edsica e cognitiva, da autonomia e independ\u00eancia, da inclus\u00e3o escolar, profissional e social, a fim de promover o bem-estar global e a plena participa\u00e7\u00e3o na sociedade.<\/p>\n\n\n\n<ol class=\"wp-block-list\"><\/ol>\n\n\n\n<h5 class=\"wp-block-heading\">1.3. Gest\u00e3o e qualidade na assist\u00eancia \u00e0 sa\u00fade<\/h5>\n\n\n\n<p>An\u00e1lise de necessidades, seguran\u00e7a, recursos (humanos, materiais e financeiros), qualidade e resultados em servi\u00e7os de assist\u00eancia \u00e0 sa\u00fade.<\/p>\n\n\n\n<p>Elabora\u00e7\u00e3o de produtos e processos para ganho de efici\u00eancia e melhoria da produtividade em servi\u00e7os de assist\u00eancia \u00e0 sa\u00fade.<\/p>\n\n\n\n<p>Regulamenta\u00e7\u00e3o e programa de qualidade incluindo defini\u00e7\u00e3o e gest\u00e3o de processos, monitoramento, informatiza\u00e7\u00e3o e automa\u00e7\u00e3o de processos de banco de tecidos.<\/p>\n\n\n\n<p>Farmacoeconomia: desenvolvimento e estudos de minimiza\u00e7\u00e3o de custo, custo-utilidade, custo benef\u00edcio e custo-efetividade em sa\u00fade.<\/p>\n\n\n\n<h5 class=\"wp-block-heading\">1.4. Tecnologia e inova\u00e7\u00e3o em sa\u00fade ocular<\/h5>\n\n\n\n<p>Definir e materializar inova\u00e7\u00f5es ligadas a \u00e1rea de instrumenta\u00e7\u00e3o de precis\u00e3o e dispositivos tecnol\u00f3gicos voltados para promo\u00e7\u00e3o da sa\u00fade.<\/p>\n\n\n\n<p>Desenvolvimento de estrat\u00e9gias, t\u00e9cnicas, produtos, dispositivos e equipamentos diagn\u00f3sticos e terap\u00eauticos para promo\u00e7\u00e3o da sa\u00fade.<\/p>\n\n\n\n<p>Desenvolvimento de dispositivos de tecnologia assistiva para habilita\u00e7\u00e3o e reabilita\u00e7\u00e3o visual para melhora da qualidade de vida.<\/p>\n\n\n\n<p>Desenvolvimento de algoritmos, aplicativos, recursos de telemedicina e softwares para aux\u00edlio diagn\u00f3stico e terap\u00eautico, difus\u00e3o de informa\u00e7\u00e3o, ensino e suporte profissional para preven\u00e7\u00e3o de doen\u00e7as e promo\u00e7\u00e3o da sa\u00fade. Desenvolvimento de produtos para ensino e informa\u00e7\u00e3o em sa\u00fade.<\/p>\n\n\n\n<p>Est\u00e3o sendo formalizados conv\u00eanios de pesquisa aplicada entre o Mestrado Profissional e universidades (exemplo: Universidade Federal de Goi\u00e1s), \u00f3rg\u00e3os p\u00fablicos (exemplo: C\u00e2mara dos Vereadores da Cidade de S\u00e3o Paulo), empresas de tecnologia e institui\u00e7\u00f5es financeiras (exemplo: Banco Daycoval).<\/p>\n\n\n\n<p>No momento, s\u00e3o disponibilizadas disciplinas com cr\u00e9ditos de institui\u00e7\u00f5es reconhecidas pelo MEC no portal VEDUCA e CURSERA relacionadas \u00e0s necessidades do programa. As orienta\u00e7\u00f5es das disserta\u00e7\u00f5es para alunos residentes fora de S\u00e3o Paulo podem ser realizadas on line a crit\u00e9rio do orientador. Encontra-se em estudo a implementa\u00e7\u00e3o de disciplinas espec\u00edficas de EAD para o MP e orienta\u00e7\u00f5es de monografias por meio da plataforma moodle da Unifesp.<\/p>\n","protected":false},"excerpt":{"rendered":"<p>O&nbsp;Mestrado Profissional em Tecnologia, Gest\u00e3o e Sa\u00fade Ocular&nbsp;\u00e9 dirigido a profissionais atuantes em todos os aspectos da Sa\u00fade Ocular que tenham proposta de produ\u00e7\u00e3o de conhecimento estritamente relacionada a atividade profissional que desempenhem no momento da candidatura ao processo seletivo, e que estejam adequadas \u00e0s Linhas de Pesquisa oferecidas pelo curso. As propostas de trabalho [&hellip;]<\/p>\n","protected":false},"author":1,"featured_media":0,"parent":0,"menu_order":0,"comment_status":"closed","ping_status":"closed","template":"","meta":{"_acf_changed":false,"footnotes":""},"class_list":["post-60","page","type-page","status-publish","hentry"],"acf":[],"yoast_head":"<!-- This site is optimized with the Yoast SEO plugin v27.5 - https:\/\/yoast.com\/product\/yoast-seo-wordpress\/ -->\n<title>Proposta Curricular - Mestrado Profissional em Tecnologia, Gest\u00e3o e Sa\u00fade Ocular da UNIFESP<\/title>\n<meta name=\"robots\" content=\"index, follow, max-snippet:-1, max-image-preview:large, max-video-preview:-1\" \/>\n<link rel=\"canonical\" href=\"https:\/\/pg.oftalmodapaulista.com.br\/mp\/proposta-curricular\/\" \/>\n<meta property=\"og:locale\" content=\"pt_BR\" \/>\n<meta property=\"og:type\" content=\"article\" \/>\n<meta property=\"og:title\" content=\"Proposta Curricular - Mestrado Profissional em Tecnologia, Gest\u00e3o e Sa\u00fade Ocular da UNIFESP\" \/>\n<meta property=\"og:description\" content=\"O&nbsp;Mestrado Profissional em Tecnologia, Gest\u00e3o e Sa\u00fade Ocular&nbsp;\u00e9 dirigido a profissionais atuantes em todos os aspectos da Sa\u00fade Ocular que tenham proposta de produ\u00e7\u00e3o de conhecimento estritamente relacionada a atividade profissional que desempenhem no momento da candidatura ao processo seletivo, e que estejam adequadas \u00e0s Linhas de Pesquisa oferecidas pelo curso. As propostas de trabalho [&hellip;]\" \/>\n<meta property=\"og:url\" content=\"https:\/\/pg.oftalmodapaulista.com.br\/mp\/proposta-curricular\/\" \/>\n<meta property=\"og:site_name\" content=\"Mestrado Profissional em Tecnologia, Gest\u00e3o e Sa\u00fade Ocular da UNIFESP\" \/>\n<meta property=\"article:modified_time\" content=\"2024-10-25T15:26:09+00:00\" \/>\n<meta name=\"twitter:card\" content=\"summary_large_image\" \/>\n<meta name=\"twitter:label1\" content=\"Est. tempo de leitura\" \/>\n\t<meta name=\"twitter:data1\" content=\"5 minutos\" \/>\n<script type=\"application\/ld+json\" class=\"yoast-schema-graph\">{\"@context\":\"https:\\\/\\\/schema.org\",\"@graph\":[{\"@type\":\"WebPage\",\"@id\":\"https:\\\/\\\/pg.oftalmodapaulista.com.br\\\/mp\\\/proposta-curricular\\\/\",\"url\":\"https:\\\/\\\/pg.oftalmodapaulista.com.br\\\/mp\\\/proposta-curricular\\\/\",\"name\":\"Proposta Curricular - Mestrado Profissional em Tecnologia, Gest\u00e3o e Sa\u00fade Ocular da UNIFESP\",\"isPartOf\":{\"@id\":\"https:\\\/\\\/pg.oftalmodapaulista.com.br\\\/mp\\\/#website\"},\"datePublished\":\"2024-10-25T14:08:52+00:00\",\"dateModified\":\"2024-10-25T15:26:09+00:00\",\"breadcrumb\":{\"@id\":\"https:\\\/\\\/pg.oftalmodapaulista.com.br\\\/mp\\\/proposta-curricular\\\/#breadcrumb\"},\"inLanguage\":\"pt-BR\",\"potentialAction\":[{\"@type\":\"ReadAction\",\"target\":[\"https:\\\/\\\/pg.oftalmodapaulista.com.br\\\/mp\\\/proposta-curricular\\\/\"]}]},{\"@type\":\"BreadcrumbList\",\"@id\":\"https:\\\/\\\/pg.oftalmodapaulista.com.br\\\/mp\\\/proposta-curricular\\\/#breadcrumb\",\"itemListElement\":[{\"@type\":\"ListItem\",\"position\":1,\"name\":\"In\u00edcio\",\"item\":\"https:\\\/\\\/pg.oftalmodapaulista.com.br\\\/mp\\\/\"},{\"@type\":\"ListItem\",\"position\":2,\"name\":\"Proposta Curricular\"}]},{\"@type\":\"WebSite\",\"@id\":\"https:\\\/\\\/pg.oftalmodapaulista.com.br\\\/mp\\\/#website\",\"url\":\"https:\\\/\\\/pg.oftalmodapaulista.com.br\\\/mp\\\/\",\"name\":\"Mestrado Profissional em Tecnologia, Gest\u00e3o e Sa\u00fade Ocular da UNIFESP\",\"description\":\"\",\"potentialAction\":[{\"@type\":\"SearchAction\",\"target\":{\"@type\":\"EntryPoint\",\"urlTemplate\":\"https:\\\/\\\/pg.oftalmodapaulista.com.br\\\/mp\\\/?s={search_term_string}\"},\"query-input\":{\"@type\":\"PropertyValueSpecification\",\"valueRequired\":true,\"valueName\":\"search_term_string\"}}],\"inLanguage\":\"pt-BR\"}]}<\/script>\n<!-- \/ Yoast SEO plugin. -->","yoast_head_json":{"title":"Proposta Curricular - Mestrado Profissional em Tecnologia, Gest\u00e3o e Sa\u00fade Ocular da UNIFESP","robots":{"index":"index","follow":"follow","max-snippet":"max-snippet:-1","max-image-preview":"max-image-preview:large","max-video-preview":"max-video-preview:-1"},"canonical":"https:\/\/pg.oftalmodapaulista.com.br\/mp\/proposta-curricular\/","og_locale":"pt_BR","og_type":"article","og_title":"Proposta Curricular - Mestrado Profissional em Tecnologia, Gest\u00e3o e Sa\u00fade Ocular da UNIFESP","og_description":"O&nbsp;Mestrado Profissional em Tecnologia, Gest\u00e3o e Sa\u00fade Ocular&nbsp;\u00e9 dirigido a profissionais atuantes em todos os aspectos da Sa\u00fade Ocular que tenham proposta de produ\u00e7\u00e3o de conhecimento estritamente relacionada a atividade profissional que desempenhem no momento da candidatura ao processo seletivo, e que estejam adequadas \u00e0s Linhas de Pesquisa oferecidas pelo curso. As propostas de trabalho [&hellip;]","og_url":"https:\/\/pg.oftalmodapaulista.com.br\/mp\/proposta-curricular\/","og_site_name":"Mestrado Profissional em Tecnologia, Gest\u00e3o e Sa\u00fade Ocular da UNIFESP","article_modified_time":"2024-10-25T15:26:09+00:00","twitter_card":"summary_large_image","twitter_misc":{"Est. tempo de leitura":"5 minutos"},"schema":{"@context":"https:\/\/schema.org","@graph":[{"@type":"WebPage","@id":"https:\/\/pg.oftalmodapaulista.com.br\/mp\/proposta-curricular\/","url":"https:\/\/pg.oftalmodapaulista.com.br\/mp\/proposta-curricular\/","name":"Proposta Curricular - Mestrado Profissional em Tecnologia, Gest\u00e3o e Sa\u00fade Ocular da UNIFESP","isPartOf":{"@id":"https:\/\/pg.oftalmodapaulista.com.br\/mp\/#website"},"datePublished":"2024-10-25T14:08:52+00:00","dateModified":"2024-10-25T15:26:09+00:00","breadcrumb":{"@id":"https:\/\/pg.oftalmodapaulista.com.br\/mp\/proposta-curricular\/#breadcrumb"},"inLanguage":"pt-BR","potentialAction":[{"@type":"ReadAction","target":["https:\/\/pg.oftalmodapaulista.com.br\/mp\/proposta-curricular\/"]}]},{"@type":"BreadcrumbList","@id":"https:\/\/pg.oftalmodapaulista.com.br\/mp\/proposta-curricular\/#breadcrumb","itemListElement":[{"@type":"ListItem","position":1,"name":"In\u00edcio","item":"https:\/\/pg.oftalmodapaulista.com.br\/mp\/"},{"@type":"ListItem","position":2,"name":"Proposta Curricular"}]},{"@type":"WebSite","@id":"https:\/\/pg.oftalmodapaulista.com.br\/mp\/#website","url":"https:\/\/pg.oftalmodapaulista.com.br\/mp\/","name":"Mestrado Profissional em Tecnologia, Gest\u00e3o e Sa\u00fade Ocular da UNIFESP","description":"","potentialAction":[{"@type":"SearchAction","target":{"@type":"EntryPoint","urlTemplate":"https:\/\/pg.oftalmodapaulista.com.br\/mp\/?s={search_term_string}"},"query-input":{"@type":"PropertyValueSpecification","valueRequired":true,"valueName":"search_term_string"}}],"inLanguage":"pt-BR"}]}},"_links":{"self":[{"href":"https:\/\/pg.oftalmodapaulista.com.br\/mp\/wp-json\/wp\/v2\/pages\/60","targetHints":{"allow":["GET"]}}],"collection":[{"href":"https:\/\/pg.oftalmodapaulista.com.br\/mp\/wp-json\/wp\/v2\/pages"}],"about":[{"href":"https:\/\/pg.oftalmodapaulista.com.br\/mp\/wp-json\/wp\/v2\/types\/page"}],"author":[{"embeddable":true,"href":"https:\/\/pg.oftalmodapaulista.com.br\/mp\/wp-json\/wp\/v2\/users\/1"}],"replies":[{"embeddable":true,"href":"https:\/\/pg.oftalmodapaulista.com.br\/mp\/wp-json\/wp\/v2\/comments?post=60"}],"version-history":[{"count":3,"href":"https:\/\/pg.oftalmodapaulista.com.br\/mp\/wp-json\/wp\/v2\/pages\/60\/revisions"}],"predecessor-version":[{"id":70,"href":"https:\/\/pg.oftalmodapaulista.com.br\/mp\/wp-json\/wp\/v2\/pages\/60\/revisions\/70"}],"wp:attachment":[{"href":"https:\/\/pg.oftalmodapaulista.com.br\/mp\/wp-json\/wp\/v2\/media?parent=60"}],"curies":[{"name":"wp","href":"https:\/\/api.w.org\/{rel}","templated":true}]}}