{"id":288,"date":"2024-11-07T14:45:55","date_gmt":"2024-11-07T17:45:55","guid":{"rendered":"https:\/\/homolog.planetaw.ag\/pg\/?page_id=288"},"modified":"2025-02-14T16:28:53","modified_gmt":"2025-02-14T19:28:53","slug":"sobre-o-programa","status":"publish","type":"page","link":"https:\/\/pg.oftalmodapaulista.com.br\/mp\/sobre-o-programa\/","title":{"rendered":"Sobre o Programa"},"content":{"rendered":"\n<p>O Programa de P\u00f3s-gradua\u00e7\u00e3o (PPG) Mestrado Profissional (MP) em Tecnologia, Gest\u00e3o e Sa\u00fade Ocular da Escola Paulista de Medicina\/Universidade Federal de S\u00e3o Paulo (EPM\/Unifesp) foi aprovado pelo parecer do MEC 271\/2013, em 09\/04\/2013, sendo inicialmente denominado de Mestrado Profissional em Oftalmologia e Ci\u00eancias Visuais, integrando a \u00e1rea de Medicina III da CAPES. Em junho de 2019, o programa teve sua nomenclatura alterada para Mestrado Profissional em Tecnologia, Gest\u00e3o e Sa\u00fade Ocular.<\/p>\n\n\n\n<p>O MP foi criado pelo PPG Acad\u00eamico Oftalmologia e Ci\u00eancias Visuais, conforme as diretrizes da Pr\u00f3-Reitoria de P\u00f3s-Gradua\u00e7\u00e3o e Pesquisa da Unifesp, visando promover o aprimoramento profissional em sub\u00e1reas ligadas a sa\u00fade ocular, por meio de experi\u00eancias t\u00e9cnico-cient\u00edficas pr\u00e1ticas e inovadoras e estabelecer interface com setores p\u00fablicos e privados para atender \u00e0 demandas espec\u00edficas da sociedade.<\/p>\n\n\n\n<p>O programa iniciou as inscri\u00e7\u00f5es em agosto de 2013, voltadas a profissionais de diversas \u00e1reas e, desde ent\u00e3o, formou 139 Mestres Profissionais em Tecnologia, Gest\u00e3o e Sa\u00fade Ocular. Seu objetivo principal \u00e9 gerar solu\u00e7\u00f5es inovadoras em produtos e servi\u00e7os relacionados \u00e0 sa\u00fade ocular e reabilita\u00e7\u00e3o visual, abordando tanto aspectos diagn\u00f3sticos e terap\u00eauticos quanto de gest\u00e3o.<\/p>\n\n\n\n<p>Recentemente, o programa foi reformulado, passando a contar com a \u00c1rea de Concentra\u00e7\u00e3o \u201cPesquisa, gest\u00e3o, tecnologia e sa\u00fade ocular\u201d e quatro Linhas de Pesquisas que englobam todos os projetos desenvolvidos no PPG. <\/p>\n\n\n\n<p>Os orientadores apresentam perfis de atua\u00e7\u00e3o compat\u00edveis com as propostas do Programa, contribuindo para o foco produtivo esperado para Mestrados Profissionais. Suas participa\u00e7\u00f5es em Conselhos, Comit\u00eas, Comiss\u00f5es, atividades de car\u00e1ter p\u00fablico bem como suas inser\u00e7\u00f5es internacionais auxiliam no direcionamento das atividades t\u00e9cnicocient\u00edficas. Alia-se a esse corpo docente qualificado, a infraestrutura e os recursos t\u00e9cnicoadministrativos deste Departamento cuja forma\u00e7\u00e3o \u00e9 reconhecida como uma das melhores do Brasil na \u00e1rea de Oftalmologia e Ci\u00eancias Visuais, conforme avalia\u00e7\u00e3o da CAPES.<\/p>\n\n\n\n<p>Os egressos do Programa t\u00eam se destacado em \u00e1reas como gest\u00e3o, tecnologia e inova\u00e7\u00e3o, tanto no setor p\u00fablico quanto privado, trazendo solu\u00e7\u00f5es que melhoram a sa\u00fade ocular e a qualidade de vida das pessoas. O Mestrado Profissional, com sua abordagem inovadora e humanizada, forma profissionais qualificados, preparados para enfrentar desafios e promover a inclus\u00e3o e o acesso \u00e0 sa\u00fade ocular de qualidade, impactando positivamente a sociedade<\/p>\n\n\n\n<div class=\"wp-block-group d-none\"><div class=\"wp-block-group__inner-container is-layout-constrained wp-block-group-is-layout-constrained\">\n<h2 class=\"wp-block-heading\">Programa de P\u00f3s-Gradua\u00e7\u00e3o em Oftalmologia e Ci\u00eancias Visuais<\/h2>\n\n\n\n<p>O Departamento de Oftalmologia da UNIFESP\/Escola Paulista de Medicina iniciou o programa de P\u00f3s-Gradua\u00e7\u00e3o em 1979 e, desde ent\u00e3o, forma professores e pesquisadores interessados no conhecimento dos processos da vis\u00e3o e da oftalmologia como um todo. Em 31 anos de exist\u00eancia do programa, formaram-se mais de&nbsp;<strong>170<\/strong>&nbsp;mestres e&nbsp;<strong>263<\/strong>&nbsp;doutores.<\/p>\n\n\n\n<p>O programa mant\u00e9m a maior nota entre os cursos de p\u00f3s-gradua\u00e7\u00e3o em Oftalmologia e Ci\u00eancias Visuais do Brasil e, com a recente obten\u00e7\u00e3o do conceito m\u00e1ximo pela&nbsp;<strong>CAPES<\/strong>, ou seja, com 07 (sete), sustenta uma posi\u00e7\u00e3o \u00fanica de lideran\u00e7a na cirurgia brasileira com desempenho equivalente aos mais importantes centros internacionais de ensino e pesquisa.<\/p>\n\n\n\n<h2 class=\"wp-block-heading\">Doutorado, Mestrado e P\u00f3s-doutorado<\/h2>\n\n\n\n<p>O programa oferece dois cursos: P\u00f3s-gradua\u00e7\u00e3o em&nbsp;<strong>Oftalmologia<\/strong>, o qual \u00e9 dirigido ao profissional m\u00e9dico, oftalmologista ou n\u00e3o, mas, com t\u00edtulo de especialista na \u00e1rea, e P\u00f3s-gradua\u00e7\u00e3o em&nbsp;<strong>Ci\u00eancias Visuais<\/strong>, para profissionais de n\u00edvel superior, por exemplo, tecn\u00f3logos em oftalmologia, psic\u00f3logos, bi\u00f3logos, enfermeiros, entre outros envolvidos e interessados na \u00e1rea.<\/p>\n\n\n\n<p>Ambos os cursos s\u00e3o oferecidos nas modalidades de&nbsp;<strong>mestrado acad\u00eamico<\/strong>,&nbsp;<strong>doutorado<\/strong>&nbsp;e&nbsp;<strong>p\u00f3s-doutorado<\/strong>. Nas duas primeiras modalidades h\u00e1 duas categorias de p\u00f3s-graduandos: p\u00f3s-graduandos em est\u00e1gio probat\u00f3rio, os quais ainda n\u00e3o est\u00e3o oficialmente matriculados na UNIFESP, para melhor desenvolvimento do conte\u00fado m\u00ednimo e fundamental da tese, e p\u00f3s-graduandos oficialmente matriculados na UNIFESP.<\/p>\n\n\n\n<p>Atualmente, s\u00e3o 26 docentes credenciados junto \u00e0 UNIFESP e aptos para orientar os discentes em curso.<\/p>\n\n\n\n<p>As inscri\u00e7\u00f5es para as diferentes modalidades do programa de p\u00f3s-gradua\u00e7\u00e3o s\u00e3o realizadas em&nbsp;<strong>fluxo cont\u00ednuo<\/strong>.<\/p>\n\n\n\n<p>Os candidatos \u00e0 P\u00f3s-gradua\u00e7\u00e3o em Oftalmologia e Ci\u00eancias Visuais, ao se matricularem, comprometem-se a terminar a tese e os cr\u00e9ditos correspondentes, pois, se isso n\u00e3o ocorrer, haver\u00e1 um comprometimento vital do programa de P\u00f3s-gradua\u00e7\u00e3o junto aos \u00f3rg\u00e3os avaliadores.<\/p>\n<\/div><\/div>\n","protected":false},"excerpt":{"rendered":"<p>O Programa de P\u00f3s-gradua\u00e7\u00e3o (PPG) Mestrado Profissional (MP) em Tecnologia, Gest\u00e3o e Sa\u00fade Ocular da Escola Paulista de Medicina\/Universidade Federal de S\u00e3o Paulo (EPM\/Unifesp) foi aprovado pelo parecer do MEC 271\/2013, em 09\/04\/2013, sendo inicialmente denominado de Mestrado Profissional em Oftalmologia e Ci\u00eancias Visuais, integrando a \u00e1rea de Medicina III da CAPES. Em junho de 2019, o programa teve sua nomenclatura alterada para Mestrado Profissional em Tecnologia, Gest\u00e3o e Sa\u00fade Ocular.<\/p>\n<p>O MP foi criado pelo PPG Acad\u00eamico Oftalmologia e Ci\u00eancias Visuais, conforme as diretrizes da Pr\u00f3-Reitoria de P\u00f3s-Gradua\u00e7\u00e3o e Pesquisa da Unifesp, visando promover o aprimoramento profissional em sub\u00e1reas ligadas a sa\u00fade ocular, por meio de experi\u00eancias t\u00e9cnico-cient\u00edficas pr\u00e1ticas e inovadoras e estabelecer interface com setores p\u00fablicos e privados para atender \u00e0 demandas espec\u00edficas da sociedade.<\/p>\n","protected":false},"author":1,"featured_media":0,"parent":0,"menu_order":0,"comment_status":"closed","ping_status":"closed","template":"","meta":{"_acf_changed":false,"footnotes":""},"class_list":["post-288","page","type-page","status-publish","hentry"],"acf":[],"yoast_head":"<!-- This site is optimized with the Yoast SEO plugin v27.4 - https:\/\/yoast.com\/product\/yoast-seo-wordpress\/ -->\n<title>Sobre o Programa - Mestrado Profissional em Tecnologia, Gest\u00e3o e Sa\u00fade Ocular da UNIFESP<\/title>\n<meta name=\"robots\" content=\"index, follow, max-snippet:-1, max-image-preview:large, max-video-preview:-1\" \/>\n<link rel=\"canonical\" href=\"https:\/\/pg.oftalmodapaulista.com.br\/mp\/sobre-o-programa\/\" \/>\n<meta property=\"og:locale\" content=\"pt_BR\" \/>\n<meta property=\"og:type\" content=\"article\" \/>\n<meta property=\"og:title\" content=\"Sobre o Programa - Mestrado Profissional em Tecnologia, Gest\u00e3o e Sa\u00fade Ocular da UNIFESP\" \/>\n<meta property=\"og:description\" content=\"O Programa de P\u00f3s-gradua\u00e7\u00e3o (PPG) Mestrado Profissional (MP) em Tecnologia, Gest\u00e3o e Sa\u00fade Ocular da Escola Paulista de Medicina\/Universidade Federal de S\u00e3o Paulo (EPM\/Unifesp) foi aprovado pelo parecer do MEC 271\/2013, em 09\/04\/2013, sendo inicialmente denominado de Mestrado Profissional em Oftalmologia e Ci\u00eancias Visuais, integrando a \u00e1rea de Medicina III da CAPES. Em junho de 2019, o programa teve sua nomenclatura alterada para Mestrado Profissional em Tecnologia, Gest\u00e3o e Sa\u00fade Ocular.  O MP foi criado pelo PPG Acad\u00eamico Oftalmologia e Ci\u00eancias Visuais, conforme as diretrizes da Pr\u00f3-Reitoria de P\u00f3s-Gradua\u00e7\u00e3o e Pesquisa da Unifesp, visando promover o aprimoramento profissional em sub\u00e1reas ligadas a sa\u00fade ocular, por meio de experi\u00eancias t\u00e9cnico-cient\u00edficas pr\u00e1ticas e inovadoras e estabelecer interface com setores p\u00fablicos e privados para atender \u00e0 demandas espec\u00edficas da sociedade.\" \/>\n<meta property=\"og:url\" content=\"https:\/\/pg.oftalmodapaulista.com.br\/mp\/sobre-o-programa\/\" \/>\n<meta property=\"og:site_name\" content=\"Mestrado Profissional em Tecnologia, Gest\u00e3o e Sa\u00fade Ocular da UNIFESP\" \/>\n<meta property=\"article:modified_time\" content=\"2025-02-14T19:28:53+00:00\" \/>\n<meta name=\"twitter:card\" content=\"summary_large_image\" \/>\n<meta name=\"twitter:label1\" content=\"Est. tempo de leitura\" \/>\n\t<meta name=\"twitter:data1\" content=\"4 minutos\" \/>\n<script type=\"application\/ld+json\" class=\"yoast-schema-graph\">{\"@context\":\"https:\\\/\\\/schema.org\",\"@graph\":[{\"@type\":\"WebPage\",\"@id\":\"https:\\\/\\\/pg.oftalmodapaulista.com.br\\\/mp\\\/sobre-o-programa\\\/\",\"url\":\"https:\\\/\\\/pg.oftalmodapaulista.com.br\\\/mp\\\/sobre-o-programa\\\/\",\"name\":\"Sobre o Programa - Mestrado Profissional em Tecnologia, Gest\u00e3o e Sa\u00fade Ocular da UNIFESP\",\"isPartOf\":{\"@id\":\"https:\\\/\\\/pg.oftalmodapaulista.com.br\\\/mp\\\/#website\"},\"datePublished\":\"2024-11-07T17:45:55+00:00\",\"dateModified\":\"2025-02-14T19:28:53+00:00\",\"breadcrumb\":{\"@id\":\"https:\\\/\\\/pg.oftalmodapaulista.com.br\\\/mp\\\/sobre-o-programa\\\/#breadcrumb\"},\"inLanguage\":\"pt-BR\",\"potentialAction\":[{\"@type\":\"ReadAction\",\"target\":[\"https:\\\/\\\/pg.oftalmodapaulista.com.br\\\/mp\\\/sobre-o-programa\\\/\"]}]},{\"@type\":\"BreadcrumbList\",\"@id\":\"https:\\\/\\\/pg.oftalmodapaulista.com.br\\\/mp\\\/sobre-o-programa\\\/#breadcrumb\",\"itemListElement\":[{\"@type\":\"ListItem\",\"position\":1,\"name\":\"In\u00edcio\",\"item\":\"https:\\\/\\\/pg.oftalmodapaulista.com.br\\\/mp\\\/\"},{\"@type\":\"ListItem\",\"position\":2,\"name\":\"Sobre o Programa\"}]},{\"@type\":\"WebSite\",\"@id\":\"https:\\\/\\\/pg.oftalmodapaulista.com.br\\\/mp\\\/#website\",\"url\":\"https:\\\/\\\/pg.oftalmodapaulista.com.br\\\/mp\\\/\",\"name\":\"Mestrado Profissional em Tecnologia, Gest\u00e3o e Sa\u00fade Ocular da UNIFESP\",\"description\":\"\",\"potentialAction\":[{\"@type\":\"SearchAction\",\"target\":{\"@type\":\"EntryPoint\",\"urlTemplate\":\"https:\\\/\\\/pg.oftalmodapaulista.com.br\\\/mp\\\/?s={search_term_string}\"},\"query-input\":{\"@type\":\"PropertyValueSpecification\",\"valueRequired\":true,\"valueName\":\"search_term_string\"}}],\"inLanguage\":\"pt-BR\"}]}<\/script>\n<!-- \/ Yoast SEO plugin. -->","yoast_head_json":{"title":"Sobre o Programa - Mestrado Profissional em Tecnologia, Gest\u00e3o e Sa\u00fade Ocular da UNIFESP","robots":{"index":"index","follow":"follow","max-snippet":"max-snippet:-1","max-image-preview":"max-image-preview:large","max-video-preview":"max-video-preview:-1"},"canonical":"https:\/\/pg.oftalmodapaulista.com.br\/mp\/sobre-o-programa\/","og_locale":"pt_BR","og_type":"article","og_title":"Sobre o Programa - Mestrado Profissional em Tecnologia, Gest\u00e3o e Sa\u00fade Ocular da UNIFESP","og_description":"O Programa de P\u00f3s-gradua\u00e7\u00e3o (PPG) Mestrado Profissional (MP) em Tecnologia, Gest\u00e3o e Sa\u00fade Ocular da Escola Paulista de Medicina\/Universidade Federal de S\u00e3o Paulo (EPM\/Unifesp) foi aprovado pelo parecer do MEC 271\/2013, em 09\/04\/2013, sendo inicialmente denominado de Mestrado Profissional em Oftalmologia e Ci\u00eancias Visuais, integrando a \u00e1rea de Medicina III da CAPES. Em junho de 2019, o programa teve sua nomenclatura alterada para Mestrado Profissional em Tecnologia, Gest\u00e3o e Sa\u00fade Ocular.  O MP foi criado pelo PPG Acad\u00eamico Oftalmologia e Ci\u00eancias Visuais, conforme as diretrizes da Pr\u00f3-Reitoria de P\u00f3s-Gradua\u00e7\u00e3o e Pesquisa da Unifesp, visando promover o aprimoramento profissional em sub\u00e1reas ligadas a sa\u00fade ocular, por meio de experi\u00eancias t\u00e9cnico-cient\u00edficas pr\u00e1ticas e inovadoras e estabelecer interface com setores p\u00fablicos e privados para atender \u00e0 demandas espec\u00edficas da sociedade.","og_url":"https:\/\/pg.oftalmodapaulista.com.br\/mp\/sobre-o-programa\/","og_site_name":"Mestrado Profissional em Tecnologia, Gest\u00e3o e Sa\u00fade Ocular da UNIFESP","article_modified_time":"2025-02-14T19:28:53+00:00","twitter_card":"summary_large_image","twitter_misc":{"Est. tempo de leitura":"4 minutos"},"schema":{"@context":"https:\/\/schema.org","@graph":[{"@type":"WebPage","@id":"https:\/\/pg.oftalmodapaulista.com.br\/mp\/sobre-o-programa\/","url":"https:\/\/pg.oftalmodapaulista.com.br\/mp\/sobre-o-programa\/","name":"Sobre o Programa - Mestrado Profissional em Tecnologia, Gest\u00e3o e Sa\u00fade Ocular da UNIFESP","isPartOf":{"@id":"https:\/\/pg.oftalmodapaulista.com.br\/mp\/#website"},"datePublished":"2024-11-07T17:45:55+00:00","dateModified":"2025-02-14T19:28:53+00:00","breadcrumb":{"@id":"https:\/\/pg.oftalmodapaulista.com.br\/mp\/sobre-o-programa\/#breadcrumb"},"inLanguage":"pt-BR","potentialAction":[{"@type":"ReadAction","target":["https:\/\/pg.oftalmodapaulista.com.br\/mp\/sobre-o-programa\/"]}]},{"@type":"BreadcrumbList","@id":"https:\/\/pg.oftalmodapaulista.com.br\/mp\/sobre-o-programa\/#breadcrumb","itemListElement":[{"@type":"ListItem","position":1,"name":"In\u00edcio","item":"https:\/\/pg.oftalmodapaulista.com.br\/mp\/"},{"@type":"ListItem","position":2,"name":"Sobre o Programa"}]},{"@type":"WebSite","@id":"https:\/\/pg.oftalmodapaulista.com.br\/mp\/#website","url":"https:\/\/pg.oftalmodapaulista.com.br\/mp\/","name":"Mestrado Profissional em Tecnologia, Gest\u00e3o e Sa\u00fade Ocular da UNIFESP","description":"","potentialAction":[{"@type":"SearchAction","target":{"@type":"EntryPoint","urlTemplate":"https:\/\/pg.oftalmodapaulista.com.br\/mp\/?s={search_term_string}"},"query-input":{"@type":"PropertyValueSpecification","valueRequired":true,"valueName":"search_term_string"}}],"inLanguage":"pt-BR"}]}},"_links":{"self":[{"href":"https:\/\/pg.oftalmodapaulista.com.br\/mp\/wp-json\/wp\/v2\/pages\/288","targetHints":{"allow":["GET"]}}],"collection":[{"href":"https:\/\/pg.oftalmodapaulista.com.br\/mp\/wp-json\/wp\/v2\/pages"}],"about":[{"href":"https:\/\/pg.oftalmodapaulista.com.br\/mp\/wp-json\/wp\/v2\/types\/page"}],"author":[{"embeddable":true,"href":"https:\/\/pg.oftalmodapaulista.com.br\/mp\/wp-json\/wp\/v2\/users\/1"}],"replies":[{"embeddable":true,"href":"https:\/\/pg.oftalmodapaulista.com.br\/mp\/wp-json\/wp\/v2\/comments?post=288"}],"version-history":[{"count":5,"href":"https:\/\/pg.oftalmodapaulista.com.br\/mp\/wp-json\/wp\/v2\/pages\/288\/revisions"}],"predecessor-version":[{"id":295,"href":"https:\/\/pg.oftalmodapaulista.com.br\/mp\/wp-json\/wp\/v2\/pages\/288\/revisions\/295"}],"wp:attachment":[{"href":"https:\/\/pg.oftalmodapaulista.com.br\/mp\/wp-json\/wp\/v2\/media?parent=288"}],"curies":[{"name":"wp","href":"https:\/\/api.w.org\/{rel}","templated":true}]}}